{"id":63756,"date":"2025-05-02T18:13:54","date_gmt":"2025-05-02T16:13:54","guid":{"rendered":"https:\/\/new.villa-arson.fr\/?page_id=63756"},"modified":"2025-05-02T18:14:00","modified_gmt":"2025-05-02T16:14:00","slug":"careers","status":"publish","type":"page","link":"https:\/\/new.villa-arson.fr\/en\/school-of-art\/careers\/","title":{"rendered":"Careers"},"content":{"rendered":"\n<h1 class=\"wp-block-heading has-text-align-center\"><strong>Careers<\/strong><\/h1>\n\n\n\n<figure class=\"wp-block-image size-large\"><img decoding=\"async\" src=\"https:\/\/villa-arson-assets.ams3.digitaloceanspaces.com\/production\/app\/uploads\/2025\/01\/27131936\/363ConstruireSaPretendue_Montage%C2%A9JcLett-1-1024x683.jpg\" alt=\"\" class=\"wp-image-58168\"\/><figcaption class=\"wp-element-caption\">\u00a9 JC Lett \/ Villa Arson Nice<\/figcaption><\/figure>\n\n\n\n<p>One of the key teaching objectives at Villa Arson is to prepare students for the world of work.<\/p>\n\n\n\n<p>Unlike with engineering or medicine, which require a degree to practice professionally, no diploma is needed to become an artist; a creative\u2019s legitimacy comes from the recognition of his or her peers. As such, it is fundamental for the school to help students, right from the start of their studies, to build coherent and authentic foundations to boost their fulfillment and guarantee a rapid and successful arrival in the creative world.<\/p>\n\n\n\n<p>Our teaching projects are conceived in partnership with numerous public and private bodies: museums, art centers, festivals, national venues, theatres, foundations, artist studios, galleries and businesses in France and abroad.<\/p>\n\n\n\n<p>In addition to access to project spaces, and workshops and galleries dedicated to production and experimentation, Villa Arson also offers its students the chance to experience every stage in the lifecycle of an artwork: from conception to production, exhibition, promotion and presentation to the public. Each student thus gets a grounding in other professions tied to artistic creation: curating, exhibition management and production, cultural mediation and so on.<\/p>\n\n\n\n<p>Today, the school offers several schemes to support students\u2019 transition to life after graduation, including a workshop on producing and installing exhibitions, a program of encounters covering the administrative aspects of an artist\u2019s daily practice, and an exhibition program specifically dedicated to Villa Arson graduates, which is held in the art center\u2019s galleries.<\/p>\n\n\n\n<p>To monitor the prospects of its graduates, Villa Arson conducts annual surveys on the professional integration of its alumni, with the support of the Observatoire de la vie \u00e9tudiante et de l\u2019insertion professionnelle at the Universit\u00e9 C\u00f4te d\u2019Azur.<\/p>\n\n\n\n<h2 class=\"wp-block-heading\"><strong>During your studies<\/strong><\/h2>\n\n\n\n<p><\/p>\n\n\n\n<p>To prepare students for the realities of life after graduation, our careers module brings together a wide range of perspectives, outlines possible professional paths and addresses the challenges and stakes of \u201cbecoming an artist\u201d.<\/p>\n\n\n\n<p>Launched in 2021 by exhibition manager Alexia Nicola\u00efdis, and in close collaboration with the association <a href=\"https:\/\/2mares.org\/\">Dos Mares<\/a>&nbsp;(Marseille) and other guests, the careers module is obligatory for 3rd-year students (and optional for 4th-, 5th- or 6th-years). The program includes six sessions on the basics of professional practice, focusing on the following themes: the general landscape of artistic activity; key steps in creating an artistic enterprise; showcasing and promoting your work; mobility and financing art projects; intellectual property; and the economic model of an artistic practice.<\/p>\n\n\n\n<p>Beyond the chance to meet alumni, the module also offers sessions on rights, managing your practice and promoting your work, helping students to gain knowledge of the milieu, greater autonomy, and the ability to develop projects that will be firmly anchored in the artistic ecosystem. The art center team is involved in implementing this scheme. In parallel, as part of our calls for applications, students are recruited throughout the year to undertake work managing and guiding exhibitions.<\/p>\n\n\n<div class=\"align wp-block-contenu-associe\">\n            <div>\n            <div class=\"acf-innerblocks-container\">\n\n<h3 class=\"wp-block-heading\"><\/h3>\n\n<\/div>\n        <\/div>\n        <div class=\"c-a__container grid flex-row grid-cols-1 sm:grid-cols-2 lg:grid-cols-3 gap-4\">\n                            <div class=\"flex flex-col link-container\" data-href=\"https:\/\/new.villa-arson.fr\/en\/school-of-art\/join-the-production-crew\/\">\n                    <a href=\"https:\/\/new.villa-arson.fr\/en\/school-of-art\/join-the-production-crew\/\" class=\"contents\">\n                        <div class=\"ratio-16x9\">\n                            <figure><img decoding=\"async\" width=\"193\" height=\"290\" src=\"https:\/\/villa-arson-assets.ams3.digitaloceanspaces.com\/production\/app\/uploads\/2021\/10\/20225055\/013ConstruireSaPre%CC%81tendueMontage%C2%A9JcLett-193x290.jpg\" class=\"attachment-post-thumbnail size-post-thumbnail wp-post-image\" alt=\"trois personnes sur deux \u00e9chelles accrochent des dessins\" srcset=\"https:\/\/villa-arson-assets.ams3.digitaloceanspaces.com\/production\/app\/uploads\/2021\/10\/20225055\/013ConstruireSaPre%CC%81tendueMontage%C2%A9JcLett-193x290.jpg 193w, https:\/\/villa-arson-assets.ams3.digitaloceanspaces.com\/production\/app\/uploads\/2021\/10\/20225055\/013ConstruireSaPre%CC%81tendueMontage%C2%A9JcLett-200x300.jpg 200w, https:\/\/villa-arson-assets.ams3.digitaloceanspaces.com\/production\/app\/uploads\/2021\/10\/20225055\/013ConstruireSaPre%CC%81tendueMontage%C2%A9JcLett-683x1024.jpg 683w, https:\/\/villa-arson-assets.ams3.digitaloceanspaces.com\/production\/app\/uploads\/2021\/10\/20225055\/013ConstruireSaPre%CC%81tendueMontage%C2%A9JcLett-768x1152.jpg 768w, https:\/\/villa-arson-assets.ams3.digitaloceanspaces.com\/production\/app\/uploads\/2021\/10\/20225055\/013ConstruireSaPre%CC%81tendueMontage%C2%A9JcLett-1024x1536.jpg 1024w, https:\/\/villa-arson-assets.ams3.digitaloceanspaces.com\/production\/app\/uploads\/2021\/10\/20225055\/013ConstruireSaPre%CC%81tendueMontage%C2%A9JcLett-1365x2048.jpg 1365w, https:\/\/villa-arson-assets.ams3.digitaloceanspaces.com\/production\/app\/uploads\/2021\/10\/20225055\/013ConstruireSaPre%CC%81tendueMontage%C2%A9JcLett-600x900.jpg 600w, https:\/\/villa-arson-assets.ams3.digitaloceanspaces.com\/production\/app\/uploads\/2021\/10\/20225055\/013ConstruireSaPre%CC%81tendueMontage%C2%A9JcLett-scaled.jpg 1707w\" sizes=\"(max-width: 193px) 100vw, 193px\" \/><\/figure>\n                            <div class=\"hover-overlay top-0 left-0 right-0 bottom-0 hidden w-full h-full absolute\"><\/div>\n                        <\/div>\n                        <div class=\"wp-block-button alignleft simple-link\">\n                            <span class=\"wp-block-button__link\">Join the production crew<\/span>\n                        <\/div>\n                    <\/a>\n                <\/div>\n                            <div class=\"flex flex-col link-container\" data-href=\"https:\/\/new.villa-arson.fr\/en\/school-of-art\/join-the-outreach-team\/\">\n                    <a href=\"https:\/\/new.villa-arson.fr\/en\/school-of-art\/join-the-outreach-team\/\" class=\"contents\">\n                        <div class=\"ratio-16x9\">\n                            <figure><img decoding=\"async\" width=\"400\" height=\"267\" src=\"https:\/\/villa-arson-assets.ams3.digitaloceanspaces.com\/production\/app\/uploads\/2021\/07\/21000914\/0000LaDoublure-400x267.jpg\" class=\"attachment-post-thumbnail size-post-thumbnail wp-post-image\" alt=\"\u00e9quipe de m\u00e9diateurs portant un sweat-shirt r\u00e9alis\u00e9 par les artistes-commissaires\" srcset=\"https:\/\/villa-arson-assets.ams3.digitaloceanspaces.com\/production\/app\/uploads\/2021\/07\/21000914\/0000LaDoublure-400x267.jpg 400w, https:\/\/villa-arson-assets.ams3.digitaloceanspaces.com\/production\/app\/uploads\/2021\/07\/21000914\/0000LaDoublure-scaled-600x400.jpg 600w, https:\/\/villa-arson-assets.ams3.digitaloceanspaces.com\/production\/app\/uploads\/2021\/07\/21000914\/0000LaDoublure-300x200.jpg 300w, https:\/\/villa-arson-assets.ams3.digitaloceanspaces.com\/production\/app\/uploads\/2021\/07\/21000914\/0000LaDoublure-1024x683.jpg 1024w, https:\/\/villa-arson-assets.ams3.digitaloceanspaces.com\/production\/app\/uploads\/2021\/07\/21000914\/0000LaDoublure-768x512.jpg 768w, https:\/\/villa-arson-assets.ams3.digitaloceanspaces.com\/production\/app\/uploads\/2021\/07\/21000914\/0000LaDoublure-1536x1024.jpg 1536w, https:\/\/villa-arson-assets.ams3.digitaloceanspaces.com\/production\/app\/uploads\/2021\/07\/21000914\/0000LaDoublure-2048x1365.jpg 2048w\" sizes=\"(max-width: 400px) 100vw, 400px\" \/><\/figure>\n                            <div class=\"hover-overlay top-0 left-0 right-0 bottom-0 hidden w-full h-full absolute\"><\/div>\n                        <\/div>\n                        <div class=\"wp-block-button alignleft simple-link\">\n                            <span class=\"wp-block-button__link\">Join the outreach team<\/span>\n                        <\/div>\n                    <\/a>\n                <\/div>\n                    <\/div>\n    <\/div>\n\n\n\n<p>Internships are a key step in each student\u2019s training program, representing a first immersion into the professional world; from the second year on, students are invited to undertake an internship at an institution or business, or in an artist\u2019s or artisan\u2019s studio, depending on their particular training path.<\/p>\n\n\n<div class=\"align wp-block-contenu-associe\">\n            <div>\n            <div class=\"acf-innerblocks-container\">\n\n<h3 class=\"wp-block-heading\"><\/h3>\n\n<\/div>\n        <\/div>\n        <div class=\"c-a__container grid flex-row grid-cols-1 sm:grid-cols-2 lg:grid-cols-3 gap-4\">\n                            <div class=\"flex flex-col link-container\" data-href=\"https:\/\/new.villa-arson.fr\/ecole\/stages\/\">\n                    <a href=\"https:\/\/new.villa-arson.fr\/ecole\/stages\/\" class=\"contents\">\n                        <div class=\"ratio-16x9\">\n                            <figure><img decoding=\"async\" width=\"400\" height=\"267\" src=\"https:\/\/villa-arson-assets.ams3.digitaloceanspaces.com\/production\/app\/uploads\/2021\/10\/20225053\/031ConstruireSaPre%CC%81tendueMontage%C2%A9JcLett-400x267.jpg\" class=\"attachment-post-thumbnail size-post-thumbnail wp-post-image\" alt=\"remise en \u00e9tat d&#039;un mur rouge\" srcset=\"https:\/\/villa-arson-assets.ams3.digitaloceanspaces.com\/production\/app\/uploads\/2021\/10\/20225053\/031ConstruireSaPre%CC%81tendueMontage%C2%A9JcLett-400x267.jpg 400w, https:\/\/villa-arson-assets.ams3.digitaloceanspaces.com\/production\/app\/uploads\/2021\/10\/20225053\/031ConstruireSaPre%CC%81tendueMontage%C2%A9JcLett-300x200.jpg 300w, https:\/\/villa-arson-assets.ams3.digitaloceanspaces.com\/production\/app\/uploads\/2021\/10\/20225053\/031ConstruireSaPre%CC%81tendueMontage%C2%A9JcLett-1024x683.jpg 1024w, https:\/\/villa-arson-assets.ams3.digitaloceanspaces.com\/production\/app\/uploads\/2021\/10\/20225053\/031ConstruireSaPre%CC%81tendueMontage%C2%A9JcLett-768x512.jpg 768w, https:\/\/villa-arson-assets.ams3.digitaloceanspaces.com\/production\/app\/uploads\/2021\/10\/20225053\/031ConstruireSaPre%CC%81tendueMontage%C2%A9JcLett-1536x1024.jpg 1536w, https:\/\/villa-arson-assets.ams3.digitaloceanspaces.com\/production\/app\/uploads\/2021\/10\/20225053\/031ConstruireSaPre%CC%81tendueMontage%C2%A9JcLett-2048x1365.jpg 2048w, https:\/\/villa-arson-assets.ams3.digitaloceanspaces.com\/production\/app\/uploads\/2021\/10\/20225053\/031ConstruireSaPre%CC%81tendueMontage%C2%A9JcLett-600x400.jpg 600w, https:\/\/villa-arson-assets.ams3.digitaloceanspaces.com\/production\/app\/uploads\/2021\/10\/20225053\/031ConstruireSaPre%CC%81tendueMontage%C2%A9JcLett-scaled.jpg 1920w\" sizes=\"(max-width: 400px) 100vw, 400px\" \/><\/figure>\n                            <div class=\"hover-overlay top-0 left-0 right-0 bottom-0 hidden w-full h-full absolute\"><\/div>\n                        <\/div>\n                        <div class=\"wp-block-button alignleft simple-link\">\n                            <span class=\"wp-block-button__link\">Stages<\/span>\n                        <\/div>\n                    <\/a>\n                <\/div>\n                    <\/div>\n    <\/div>\n\n\n\n<h2 class=\"wp-block-heading\"><strong>After graduation<\/strong><\/h2>\n\n\n\n<p><\/p>\n\n\n\n<h3 class=\"wp-block-heading\">The graduation show<\/h3>\n\n\n\n<p>Since 2021, Villa Arson has organized an annual autumn exhibition dedicated to the previous year\u2019s graduates. Participating artists benefit from the support of a guest curator and production, promotion and engagement teams to present their works at the art center. They can also access financial aid from the school to produce new works and display them in optimal conditions. This presentation is accompanied by meetings with art world professionals.<\/p>\n\n\n\n<h3 class=\"wp-block-heading\">Graduate follow-up<\/h3>\n\n\n\n<p>Villa Arson has set up a post-graduate or \u201csixth\u201d year which allows twelve graduates selected on the basis of their proposed projects to access workshops and production tools, and to benefit from the presence of artists-in-residence and professionals invited to Villa Arson. On request, the school can provide graduates with production support during their participation in exhibitions and\/or entrance into competitions, to help boost their professional recognition.<\/p>\n\n\n\n<h3 class=\"wp-block-heading\">The \u201cRouvrir le monde\u201d (\u201cRe-opening the world\u201d) initiative<\/h3>\n\n\n\n<p>Villa Arson is a partner of \u201cl\u2019Et\u00e9 culturel 2023 \u2014 Rouvrir le monde\u201d, a scheme run by the DRAC PACA in the framework of the \u00c9t\u00e9 culturel 2023 run by the Ministry of Culture. Recent Villa Arson graduates share their insights into their ongoing creative process on a two-week residency devoted to creation and knowledge-sharing. They develop their practice with diverse audiences in local community settings (leisure centers, holiday villages, social centers, retirement homes, hospitals).<\/p>\n\n\n<div class=\"align wp-block-contenu-associe\">\n            <div>\n            <div class=\"acf-innerblocks-container\">\n\n<h3 class=\"wp-block-heading\"><\/h3>\n\n<\/div>\n        <\/div>\n        <div class=\"c-a__container grid flex-row grid-cols-1 sm:grid-cols-2 lg:grid-cols-3 gap-4\">\n                            <div class=\"flex flex-col link-container\" data-href=\"https:\/\/new.villa-arson.fr\/rouvrir-le-monde-ete-culturel\/\">\n                    <a href=\"https:\/\/new.villa-arson.fr\/rouvrir-le-monde-ete-culturel\/\" class=\"contents\">\n                        <div class=\"ratio-16x9\">\n                            <figure><img decoding=\"async\" width=\"400\" height=\"284\" src=\"https:\/\/villa-arson-assets.ams3.digitaloceanspaces.com\/production\/app\/uploads\/2025\/01\/24113405\/Capture-decran-2021-10-30-a-23.31.25-400x284.jpg\" class=\"attachment-post-thumbnail size-post-thumbnail wp-post-image\" alt=\"\" srcset=\"https:\/\/villa-arson-assets.ams3.digitaloceanspaces.com\/production\/app\/uploads\/2025\/01\/24113405\/Capture-decran-2021-10-30-a-23.31.25-400x284.jpg 400w, https:\/\/villa-arson-assets.ams3.digitaloceanspaces.com\/production\/app\/uploads\/2025\/01\/24113405\/Capture-decran-2021-10-30-a-23.31.25-300x213.jpg 300w, https:\/\/villa-arson-assets.ams3.digitaloceanspaces.com\/production\/app\/uploads\/2025\/01\/24113405\/Capture-decran-2021-10-30-a-23.31.25-1024x728.jpg 1024w, https:\/\/villa-arson-assets.ams3.digitaloceanspaces.com\/production\/app\/uploads\/2025\/01\/24113405\/Capture-decran-2021-10-30-a-23.31.25-768x546.jpg 768w, https:\/\/villa-arson-assets.ams3.digitaloceanspaces.com\/production\/app\/uploads\/2025\/01\/24113405\/Capture-decran-2021-10-30-a-23.31.25-1536x1092.jpg 1536w, https:\/\/villa-arson-assets.ams3.digitaloceanspaces.com\/production\/app\/uploads\/2025\/01\/24113405\/Capture-decran-2021-10-30-a-23.31.25-600x427.jpg 600w, https:\/\/villa-arson-assets.ams3.digitaloceanspaces.com\/production\/app\/uploads\/2025\/01\/24113405\/Capture-decran-2021-10-30-a-23.31.25.jpg 1920w\" sizes=\"(max-width: 400px) 100vw, 400px\" \/><\/figure>\n                            <div class=\"hover-overlay top-0 left-0 right-0 bottom-0 hidden w-full h-full absolute\"><\/div>\n                        <\/div>\n                        <div class=\"wp-block-button alignleft simple-link\">\n                            <span class=\"wp-block-button__link\">Rouvrir le monde &#8211; \u00e9t\u00e9 culturel<\/span>\n                        <\/div>\n                    <\/a>\n                <\/div>\n                    <\/div>\n    <\/div>\n\n\n\n<h3 class=\"wp-block-heading\">Miramar network, \u00c9cole(s) du Sud<\/h3>\n\n\n\n<p>Villa Arson has been a member of <a href=\"http:\/\/miramarnetwork.art\/\">Miramar<\/a> since its creation in 2021. This network of academic, artistic and cultural players aims to support the professional development of young artists and art workers, notably through a residency program. Led by \u00c9coles du Sud, in tandem with\u00a0<a href=\"https:\/\/2mares.org\/\">Dos Mares<\/a>\u00a0in Marseille, this Mediterranean-wide collaborative scheme offers alumni (graduates of the final three years) and young artists from partner countries the chance to meet, talk and collaborate.<\/p>\n\n\n\n<p><\/p>\n\n\n\n<h2 class=\"wp-block-heading\"><strong>Scholarships and awards<\/strong><\/h2>\n\n\n\n<p><\/p>\n\n\n\n<p>In tandem with our partner institutions, we offer numerous schemes to support alumni and smooth their entry into professional life. These prizes, residencies and scholarships include: the Prix Marguerite et M\u00e9thode Keskar; the \u201cRouvrir le monde\u201d scheme; 100% L\u2019EXPO at La Villette; the Francis Bacon MB Art Foundation scholarship; and the Prix L\u2019\u00c9cho des cimes. In addition, since 2022, and linked to schemes initiated by the <a href=\"https:\/\/univ-cotedazur.fr\/vie-des-campus\/culture\">direction de la culture d\u2019Universit\u00e9 C\u00f4te d\u2019Azur<\/a>, emerging artists can access ANR funding (the ID\u00c9ES program); Villa Arson graduates frequently benefit from this scheme. The juries that award these prizes feature national and international players.<\/p>\n\n\n<div class=\"align wp-block-contenu-associe\">\n            <div>\n            <div class=\"acf-innerblocks-container\">\n\n<h3 class=\"wp-block-heading\"><\/h3>\n\n<\/div>\n        <\/div>\n        <div class=\"c-a__container grid flex-row grid-cols-1 sm:grid-cols-2 lg:grid-cols-3 gap-4\">\n                            <div class=\"flex flex-col link-container\" data-href=\"https:\/\/new.villa-arson.fr\/actualites\/2024\/10\/evangeline-font-laureate-du-prix-marguerite-methode-keskar-2024\/\">\n                    <a href=\"https:\/\/new.villa-arson.fr\/actualites\/2024\/10\/evangeline-font-laureate-du-prix-marguerite-methode-keskar-2024\/\" class=\"contents\">\n                        <div class=\"ratio-16x9\">\n                            <figure><img decoding=\"async\" width=\"400\" height=\"267\" src=\"https:\/\/villa-arson-assets.ams3.digitaloceanspaces.com\/production\/app\/uploads\/2024\/10\/04165408\/058_Villa-Arson_26sept24_300dpi%C2%A9Jean-Christophe-Lett-400x267.jpg\" class=\"attachment-post-thumbnail size-post-thumbnail wp-post-image\" alt=\"\" srcset=\"https:\/\/villa-arson-assets.ams3.digitaloceanspaces.com\/production\/app\/uploads\/2024\/10\/04165408\/058_Villa-Arson_26sept24_300dpi%C2%A9Jean-Christophe-Lett-400x267.jpg 400w, https:\/\/villa-arson-assets.ams3.digitaloceanspaces.com\/production\/app\/uploads\/2024\/10\/04165408\/058_Villa-Arson_26sept24_300dpi%C2%A9Jean-Christophe-Lett-300x200.jpg 300w, https:\/\/villa-arson-assets.ams3.digitaloceanspaces.com\/production\/app\/uploads\/2024\/10\/04165408\/058_Villa-Arson_26sept24_300dpi%C2%A9Jean-Christophe-Lett-1024x683.jpg 1024w, https:\/\/villa-arson-assets.ams3.digitaloceanspaces.com\/production\/app\/uploads\/2024\/10\/04165408\/058_Villa-Arson_26sept24_300dpi%C2%A9Jean-Christophe-Lett-768x512.jpg 768w, https:\/\/villa-arson-assets.ams3.digitaloceanspaces.com\/production\/app\/uploads\/2024\/10\/04165408\/058_Villa-Arson_26sept24_300dpi%C2%A9Jean-Christophe-Lett-391x260.jpg 391w, https:\/\/villa-arson-assets.ams3.digitaloceanspaces.com\/production\/app\/uploads\/2024\/10\/04165408\/058_Villa-Arson_26sept24_300dpi%C2%A9Jean-Christophe-Lett-1536x1024.jpg 1536w, https:\/\/villa-arson-assets.ams3.digitaloceanspaces.com\/production\/app\/uploads\/2024\/10\/04165408\/058_Villa-Arson_26sept24_300dpi%C2%A9Jean-Christophe-Lett-600x400.jpg 600w, https:\/\/villa-arson-assets.ams3.digitaloceanspaces.com\/production\/app\/uploads\/2024\/10\/04165408\/058_Villa-Arson_26sept24_300dpi%C2%A9Jean-Christophe-Lett.jpg 1920w\" sizes=\"(max-width: 400px) 100vw, 400px\" \/><\/figure>\n                            <div class=\"hover-overlay top-0 left-0 right-0 bottom-0 hidden w-full h-full absolute\"><\/div>\n                        <\/div>\n                        <div class=\"wp-block-button alignleft simple-link\">\n                            <span class=\"wp-block-button__link\">Evangeline Font, laur\u00e9ate du Prix Marguerite et M\u00e9thode Keskar 2024<\/span>\n                        <\/div>\n                    <\/a>\n                <\/div>\n                            <div class=\"flex flex-col link-container\" data-href=\"https:\/\/new.villa-arson.fr\/actualites\/2024\/10\/suska-bastian-laureate-du-prix-lecho-des-cimes\/\">\n                    <a href=\"https:\/\/new.villa-arson.fr\/actualites\/2024\/10\/suska-bastian-laureate-du-prix-lecho-des-cimes\/\" class=\"contents\">\n                        <div class=\"ratio-16x9\">\n                            <figure><img decoding=\"async\" width=\"400\" height=\"247\" src=\"https:\/\/villa-arson-assets.ams3.digitaloceanspaces.com\/production\/app\/uploads\/2024\/10\/11161334\/IMG_0380-copie-400x247.jpg\" class=\"attachment-post-thumbnail size-post-thumbnail wp-post-image\" alt=\"\" srcset=\"https:\/\/villa-arson-assets.ams3.digitaloceanspaces.com\/production\/app\/uploads\/2024\/10\/11161334\/IMG_0380-copie-400x247.jpg 400w, https:\/\/villa-arson-assets.ams3.digitaloceanspaces.com\/production\/app\/uploads\/2024\/10\/11161334\/IMG_0380-copie-300x185.jpg 300w, https:\/\/villa-arson-assets.ams3.digitaloceanspaces.com\/production\/app\/uploads\/2024\/10\/11161334\/IMG_0380-copie-1024x633.jpg 1024w, https:\/\/villa-arson-assets.ams3.digitaloceanspaces.com\/production\/app\/uploads\/2024\/10\/11161334\/IMG_0380-copie-768x474.jpg 768w, https:\/\/villa-arson-assets.ams3.digitaloceanspaces.com\/production\/app\/uploads\/2024\/10\/11161334\/IMG_0380-copie-1536x949.jpg 1536w, https:\/\/villa-arson-assets.ams3.digitaloceanspaces.com\/production\/app\/uploads\/2024\/10\/11161334\/IMG_0380-copie-600x371.jpg 600w, https:\/\/villa-arson-assets.ams3.digitaloceanspaces.com\/production\/app\/uploads\/2024\/10\/11161334\/IMG_0380-copie.jpg 1920w\" sizes=\"(max-width: 400px) 100vw, 400px\" \/><\/figure>\n                            <div class=\"hover-overlay top-0 left-0 right-0 bottom-0 hidden w-full h-full absolute\"><\/div>\n                        <\/div>\n                        <div class=\"wp-block-button alignleft simple-link\">\n                            <span class=\"wp-block-button__link\">Suska Bastian, laur\u00e9ate du Prix l&#039;\u00e9cho des cimes 2024<\/span>\n                        <\/div>\n                    <\/a>\n                <\/div>\n                            <div class=\"flex flex-col link-container\" data-href=\"https:\/\/new.villa-arson.fr\/actualites\/2023\/10\/bourse-de-la-francis-bacon-mb-art-foundation-2023\/\">\n                    <a href=\"https:\/\/new.villa-arson.fr\/actualites\/2023\/10\/bourse-de-la-francis-bacon-mb-art-foundation-2023\/\" class=\"contents\">\n                        <div class=\"ratio-16x9\">\n                            <figure><img decoding=\"async\" width=\"232\" height=\"290\" src=\"https:\/\/villa-arson-assets.ams3.digitaloceanspaces.com\/production\/app\/uploads\/2023\/10\/02162028\/photo-LM-232x290.jpg\" class=\"attachment-post-thumbnail size-post-thumbnail wp-post-image\" alt=\"\" srcset=\"https:\/\/villa-arson-assets.ams3.digitaloceanspaces.com\/production\/app\/uploads\/2023\/10\/02162028\/photo-LM-232x290.jpg 232w, https:\/\/villa-arson-assets.ams3.digitaloceanspaces.com\/production\/app\/uploads\/2023\/10\/02162028\/photo-LM-240x300.jpg 240w, https:\/\/villa-arson-assets.ams3.digitaloceanspaces.com\/production\/app\/uploads\/2023\/10\/02162028\/photo-LM-819x1024.jpg 819w, https:\/\/villa-arson-assets.ams3.digitaloceanspaces.com\/production\/app\/uploads\/2023\/10\/02162028\/photo-LM-768x960.jpg 768w, https:\/\/villa-arson-assets.ams3.digitaloceanspaces.com\/production\/app\/uploads\/2023\/10\/02162028\/photo-LM-1229x1536.jpg 1229w, https:\/\/villa-arson-assets.ams3.digitaloceanspaces.com\/production\/app\/uploads\/2023\/10\/02162028\/photo-LM-600x750.jpg 600w, https:\/\/villa-arson-assets.ams3.digitaloceanspaces.com\/production\/app\/uploads\/2023\/10\/02162028\/photo-LM.jpg 1536w\" sizes=\"(max-width: 232px) 100vw, 232px\" \/><\/figure>\n                            <div class=\"hover-overlay top-0 left-0 right-0 bottom-0 hidden w-full h-full absolute\"><\/div>\n                        <\/div>\n                        <div class=\"wp-block-button alignleft simple-link\">\n                            <span class=\"wp-block-button__link\">Lukas Meir, laur\u00e9at de la bourse 2023 de la  Francis Bacon mb art foundation<\/span>\n                        <\/div>\n                    <\/a>\n                <\/div>\n                    <\/div>\n    <\/div>\n","protected":false},"excerpt":{"rendered":"<p>Careers One of the key teaching objectives at Villa Arson is to prepare students for the world of work. Unlike with engineering or medicine, which require a degree to practice professionally, no diploma is needed to become an artist; a creative\u2019s legitimacy comes from the recognition of his or her peers. As such, it is &hellip; <a href=\"https:\/\/new.villa-arson.fr\/en\/school-of-art\/careers\/\">Continued<\/a><\/p>\n","protected":false},"author":1,"featured_media":58169,"parent":63701,"menu_order":0,"comment_status":"closed","ping_status":"closed","template":"","meta":{"_acf_changed":false,"_relevanssi_hide_post":"","_relevanssi_hide_content":"","_relevanssi_pin_for_all":"","_relevanssi_pin_keywords":"","_relevanssi_unpin_keywords":"","_relevanssi_related_keywords":"","_relevanssi_related_include_ids":"","_relevanssi_related_exclude_ids":"","_relevanssi_related_no_append":"","_relevanssi_related_not_related":"","_relevanssi_related_posts":"54293","_relevanssi_noindex_reason":"","footnotes":""},"class_list":["post-63756","page","type-page","status-publish","has-post-thumbnail","hentry"],"acf":[],"_links":{"self":[{"href":"https:\/\/new.villa-arson.fr\/en\/wp-json\/wp\/v2\/pages\/63756","targetHints":{"allow":["GET"]}}],"collection":[{"href":"https:\/\/new.villa-arson.fr\/en\/wp-json\/wp\/v2\/pages"}],"about":[{"href":"https:\/\/new.villa-arson.fr\/en\/wp-json\/wp\/v2\/types\/page"}],"author":[{"embeddable":true,"href":"https:\/\/new.villa-arson.fr\/en\/wp-json\/wp\/v2\/users\/1"}],"replies":[{"embeddable":true,"href":"https:\/\/new.villa-arson.fr\/en\/wp-json\/wp\/v2\/comments?post=63756"}],"version-history":[{"count":1,"href":"https:\/\/new.villa-arson.fr\/en\/wp-json\/wp\/v2\/pages\/63756\/revisions"}],"predecessor-version":[{"id":63757,"href":"https:\/\/new.villa-arson.fr\/en\/wp-json\/wp\/v2\/pages\/63756\/revisions\/63757"}],"up":[{"embeddable":true,"href":"https:\/\/new.villa-arson.fr\/en\/wp-json\/wp\/v2\/pages\/63701"}],"wp:featuredmedia":[{"embeddable":true,"href":"https:\/\/new.villa-arson.fr\/en\/wp-json\/wp\/v2\/media\/58169"}],"wp:attachment":[{"href":"https:\/\/new.villa-arson.fr\/en\/wp-json\/wp\/v2\/media?parent=63756"}],"curies":[{"name":"wp","href":"https:\/\/api.w.org\/{rel}","templated":true}]}}