{"id":63843,"date":"2025-05-02T20:24:26","date_gmt":"2025-05-02T18:24:26","guid":{"rendered":"https:\/\/new.villa-arson.fr\/art-center\/visit\/school\/"},"modified":"2025-05-02T20:24:54","modified_gmt":"2025-05-02T18:24:54","slug":"school","status":"publish","type":"page","link":"https:\/\/new.villa-arson.fr\/en\/art-center\/visit\/school\/","title":{"rendered":"School"},"content":{"rendered":"\n<h1 class=\"wp-block-heading\">school<\/h1>\n\n<figure class=\"wp-block-image size-large\"><img decoding=\"async\" width=\"768\" height=\"1024\" src=\"https:\/\/villa-arson-assets.ams3.digitaloceanspaces.com\/production\/app\/uploads\/2025\/03\/28082425\/unnamed-1-768x1024.jpg\" alt=\"\" class=\"wp-image-61678\" srcset=\"https:\/\/villa-arson-assets.ams3.digitaloceanspaces.com\/production\/app\/uploads\/2025\/03\/28082425\/unnamed-1-768x1024.jpg 768w, https:\/\/villa-arson-assets.ams3.digitaloceanspaces.com\/production\/app\/uploads\/2025\/03\/28082425\/unnamed-1-225x300.jpg 225w, https:\/\/villa-arson-assets.ams3.digitaloceanspaces.com\/production\/app\/uploads\/2025\/03\/28082425\/unnamed-1-300x400.jpg 300w, https:\/\/villa-arson-assets.ams3.digitaloceanspaces.com\/production\/app\/uploads\/2025\/03\/28082425\/unnamed-1-1152x1536.jpg 1152w, https:\/\/villa-arson-assets.ams3.digitaloceanspaces.com\/production\/app\/uploads\/2025\/03\/28082425\/unnamed-1-218x290.jpg 218w, https:\/\/villa-arson-assets.ams3.digitaloceanspaces.com\/production\/app\/uploads\/2025\/03\/28082425\/unnamed-1-600x800.jpg 600w, https:\/\/villa-arson-assets.ams3.digitaloceanspaces.com\/production\/app\/uploads\/2025\/03\/28082425\/unnamed-1.jpg 1440w\" sizes=\"(max-width: 768px) 100vw, 768px\" \/><\/figure>\n\n<p><meta charset=\"utf-8\"\/><\/p>\n\n<p>If you&#8217;re a teacher,<strong> the visitors&#8217; service offers a range of tours and workshops for schoolchildren to discover the current exhibitions, the architecture, the gardens and the school&#8217;s workshops.<\/strong><\/p>\n\n<p><strong>We can work with you to develop new ideas.<\/strong> <br\/>Please contact <meta charset=\"utf-8\"\/><a href=\"mailto:servicedespublics@villa-arson.org\" target=\"_blank\" rel=\"noreferrer noopener\">.<\/a><\/p>\n<div class=\"align wp-block-contenu-associe\">\n            <div>\n            <div class=\"acf-innerblocks-container\">\n\n<h3 class=\"wp-block-heading\">For secondary school students: discovering the arts and culture<\/h3>\n\n<\/div>\n        <\/div>\n        <div class=\"c-a__container grid flex-row grid-cols-1 sm:grid-cols-2 lg:grid-cols-3 gap-4\">\n                            <div class=\"flex flex-col link-container\" data-href=\"https:\/\/new.villa-arson.fr\/actualites\/2025\/03\/dispositif-aceduc\/\">\n                    <a href=\"https:\/\/new.villa-arson.fr\/actualites\/2025\/03\/dispositif-aceduc\/\" class=\"contents\">\n                        <div class=\"ratio-16x9\">\n                            <figure><img decoding=\"async\" width=\"387\" height=\"290\" src=\"https:\/\/villa-arson-assets.ams3.digitaloceanspaces.com\/production\/app\/uploads\/2025\/03\/31163045\/IMG_2204-387x290.jpg\" class=\"attachment-post-thumbnail size-post-thumbnail wp-post-image\" alt=\"\" srcset=\"https:\/\/villa-arson-assets.ams3.digitaloceanspaces.com\/production\/app\/uploads\/2025\/03\/31163045\/IMG_2204-387x290.jpg 387w, https:\/\/villa-arson-assets.ams3.digitaloceanspaces.com\/production\/app\/uploads\/2025\/03\/31163045\/IMG_2204-300x225.jpg 300w, https:\/\/villa-arson-assets.ams3.digitaloceanspaces.com\/production\/app\/uploads\/2025\/03\/31163045\/IMG_2204-1024x768.jpg 1024w, https:\/\/villa-arson-assets.ams3.digitaloceanspaces.com\/production\/app\/uploads\/2025\/03\/31163045\/IMG_2204-768x576.jpg 768w, https:\/\/villa-arson-assets.ams3.digitaloceanspaces.com\/production\/app\/uploads\/2025\/03\/31163045\/IMG_2204-1536x1152.jpg 1536w, https:\/\/villa-arson-assets.ams3.digitaloceanspaces.com\/production\/app\/uploads\/2025\/03\/31163045\/IMG_2204-600x450.jpg 600w, https:\/\/villa-arson-assets.ams3.digitaloceanspaces.com\/production\/app\/uploads\/2025\/03\/31163045\/IMG_2204.jpg 1920w\" sizes=\"(max-width: 387px) 100vw, 387px\" \/><\/figure>\n                            <div class=\"hover-overlay top-0 left-0 right-0 bottom-0 hidden w-full h-full absolute\"><\/div>\n                        <\/div>\n                        <div class=\"wp-block-button alignleft simple-link\">\n                            <span class=\"wp-block-button__link\">Dispositif Ac&#039;educ<\/span>\n                        <\/div>\n                    <\/a>\n                <\/div>\n                            <div class=\"flex flex-col link-container\" data-href=\"https:\/\/new.villa-arson.fr\/centre-dart\/visites\/publics-specifiques\/fondation-culture-et-diversite-programme-egalite-des-chances-en-ecoles-dart-et-de-design\/\">\n                    <a href=\"https:\/\/new.villa-arson.fr\/centre-dart\/visites\/publics-specifiques\/fondation-culture-et-diversite-programme-egalite-des-chances-en-ecoles-dart-et-de-design\/\" class=\"contents\">\n                        <div class=\"ratio-16x9\">\n                            <figure><img decoding=\"async\" width=\"387\" height=\"290\" src=\"https:\/\/villa-arson-assets.ams3.digitaloceanspaces.com\/production\/app\/uploads\/2021\/07\/21001546\/Fondation-culture-et-diversite%CC%81-villa-arson-nice-387x290.jpg\" class=\"attachment-post-thumbnail size-post-thumbnail wp-post-image\" alt=\"dans l&#039;atelier s\u00e9rigraphie de la Villa Arson, Camille Chastang, \u00e9tudiante, montre les techniques utilis\u00e9es \u00e0 un groupe d&#039;\u00e9l\u00e8ves du lyc\u00e9e Pasteur\" srcset=\"https:\/\/villa-arson-assets.ams3.digitaloceanspaces.com\/production\/app\/uploads\/2021\/07\/21001546\/Fondation-culture-et-diversite%CC%81-villa-arson-nice-387x290.jpg 387w, https:\/\/villa-arson-assets.ams3.digitaloceanspaces.com\/production\/app\/uploads\/2021\/07\/21001546\/Fondation-culture-et-diversite%CC%81-villa-arson-nice-scaled-600x450.jpg 600w, https:\/\/villa-arson-assets.ams3.digitaloceanspaces.com\/production\/app\/uploads\/2021\/07\/21001546\/Fondation-culture-et-diversite%CC%81-villa-arson-nice-300x225.jpg 300w, https:\/\/villa-arson-assets.ams3.digitaloceanspaces.com\/production\/app\/uploads\/2021\/07\/21001546\/Fondation-culture-et-diversite%CC%81-villa-arson-nice-1024x768.jpg 1024w, https:\/\/villa-arson-assets.ams3.digitaloceanspaces.com\/production\/app\/uploads\/2021\/07\/21001546\/Fondation-culture-et-diversite%CC%81-villa-arson-nice-768x576.jpg 768w, https:\/\/villa-arson-assets.ams3.digitaloceanspaces.com\/production\/app\/uploads\/2021\/07\/21001546\/Fondation-culture-et-diversite%CC%81-villa-arson-nice-1536x1152.jpg 1536w, https:\/\/villa-arson-assets.ams3.digitaloceanspaces.com\/production\/app\/uploads\/2021\/07\/21001546\/Fondation-culture-et-diversite%CC%81-villa-arson-nice-2048x1536.jpg 2048w, https:\/\/villa-arson-assets.ams3.digitaloceanspaces.com\/production\/app\/uploads\/2021\/07\/21001546\/Fondation-culture-et-diversite%CC%81-villa-arson-nice-scaled.jpg 1920w\" sizes=\"(max-width: 387px) 100vw, 387px\" \/><\/figure>\n                            <div class=\"hover-overlay top-0 left-0 right-0 bottom-0 hidden w-full h-full absolute\"><\/div>\n                        <\/div>\n                        <div class=\"wp-block-button alignleft simple-link\">\n                            <span class=\"wp-block-button__link\">Fondation culture et diversit\u00e9<\/span>\n                        <\/div>\n                    <\/a>\n                <\/div>\n                            <div class=\"flex flex-col link-container\" data-href=\"https:\/\/new.villa-arson.fr\/centre-dart\/visites\/publics-specifiques\/uca-jedi\/\">\n                    <a href=\"https:\/\/new.villa-arson.fr\/centre-dart\/visites\/publics-specifiques\/uca-jedi\/\" class=\"contents\">\n                        <div class=\"ratio-16x9\">\n                            <figure><img decoding=\"async\" width=\"390\" height=\"290\" src=\"https:\/\/villa-arson-assets.ams3.digitaloceanspaces.com\/production\/app\/uploads\/2021\/07\/21001535\/UCA-Jedi-villa-arson-nice-390x290.jpg\" class=\"attachment-post-thumbnail size-post-thumbnail wp-post-image\" alt=\"3 t\u00e9l\u00e9phones portables repr\u00e9sentants tour \u00e0 tour deux yeux et un nez\" srcset=\"https:\/\/villa-arson-assets.ams3.digitaloceanspaces.com\/production\/app\/uploads\/2021\/07\/21001535\/UCA-Jedi-villa-arson-nice-390x290.jpg 390w, https:\/\/villa-arson-assets.ams3.digitaloceanspaces.com\/production\/app\/uploads\/2021\/07\/21001535\/UCA-Jedi-villa-arson-nice-600x447.jpg 600w, https:\/\/villa-arson-assets.ams3.digitaloceanspaces.com\/production\/app\/uploads\/2021\/07\/21001535\/UCA-Jedi-villa-arson-nice-300x223.jpg 300w, https:\/\/villa-arson-assets.ams3.digitaloceanspaces.com\/production\/app\/uploads\/2021\/07\/21001535\/UCA-Jedi-villa-arson-nice-1024x762.jpg 1024w, https:\/\/villa-arson-assets.ams3.digitaloceanspaces.com\/production\/app\/uploads\/2021\/07\/21001535\/UCA-Jedi-villa-arson-nice-768x572.jpg 768w, https:\/\/villa-arson-assets.ams3.digitaloceanspaces.com\/production\/app\/uploads\/2021\/07\/21001535\/UCA-Jedi-villa-arson-nice.jpg 1080w\" sizes=\"(max-width: 390px) 100vw, 390px\" \/><\/figure>\n                            <div class=\"hover-overlay top-0 left-0 right-0 bottom-0 hidden w-full h-full absolute\"><\/div>\n                        <\/div>\n                        <div class=\"wp-block-button alignleft simple-link\">\n                            <span class=\"wp-block-button__link\">UnicA JEDI<\/span>\n                        <\/div>\n                    <\/a>\n                <\/div>\n                            <div class=\"flex flex-col link-container\" data-href=\"https:\/\/new.villa-arson.fr\/centre-dart\/visites\/publics-specifiques\/les-cordees-de-la-reussite\/\">\n                    <a href=\"https:\/\/new.villa-arson.fr\/centre-dart\/visites\/publics-specifiques\/les-cordees-de-la-reussite\/\" class=\"contents\">\n                        <div class=\"ratio-16x9\">\n                            <figure><img decoding=\"async\" width=\"387\" height=\"290\" src=\"https:\/\/villa-arson-assets.ams3.digitaloceanspaces.com\/production\/app\/uploads\/2022\/05\/20221349\/visite-au-jeu-de-des-387x290.jpg\" class=\"attachment-post-thumbnail size-post-thumbnail wp-post-image\" alt=\"\" srcset=\"https:\/\/villa-arson-assets.ams3.digitaloceanspaces.com\/production\/app\/uploads\/2022\/05\/20221349\/visite-au-jeu-de-des-387x290.jpg 387w, https:\/\/villa-arson-assets.ams3.digitaloceanspaces.com\/production\/app\/uploads\/2022\/05\/20221349\/visite-au-jeu-de-des-300x225.jpg 300w, https:\/\/villa-arson-assets.ams3.digitaloceanspaces.com\/production\/app\/uploads\/2022\/05\/20221349\/visite-au-jeu-de-des-1024x768.jpg 1024w, https:\/\/villa-arson-assets.ams3.digitaloceanspaces.com\/production\/app\/uploads\/2022\/05\/20221349\/visite-au-jeu-de-des-768x576.jpg 768w, https:\/\/villa-arson-assets.ams3.digitaloceanspaces.com\/production\/app\/uploads\/2022\/05\/20221349\/visite-au-jeu-de-des-1536x1152.jpg 1536w, https:\/\/villa-arson-assets.ams3.digitaloceanspaces.com\/production\/app\/uploads\/2022\/05\/20221349\/visite-au-jeu-de-des-2048x1536.jpg 2048w, https:\/\/villa-arson-assets.ams3.digitaloceanspaces.com\/production\/app\/uploads\/2022\/05\/20221349\/visite-au-jeu-de-des-600x450.jpg 600w, https:\/\/villa-arson-assets.ams3.digitaloceanspaces.com\/production\/app\/uploads\/2022\/05\/20221349\/visite-au-jeu-de-des-scaled.jpg 1920w\" sizes=\"(max-width: 387px) 100vw, 387px\" \/><\/figure>\n                            <div class=\"hover-overlay top-0 left-0 right-0 bottom-0 hidden w-full h-full absolute\"><\/div>\n                        <\/div>\n                        <div class=\"wp-block-button alignleft simple-link\">\n                            <span class=\"wp-block-button__link\">Les Cord\u00e9es de la r\u00e9ussite<\/span>\n                        <\/div>\n                    <\/a>\n                <\/div>\n                    <\/div>\n    <\/div>\n\n<h3 class=\"wp-block-heading\">Artistic and cultural education  <\/h3>\n\n<p>The aim of artistic and cultural education (EAC) is to encourage the participation of all children and young people in artistic and cultural life, through the acquisition of knowledge, a direct relationship with works of art, encounters with artists and cultural professionals, and artistic or cultural practice.<\/p>\n\n<p>The Public Relations Department issues calls for applications from artists who have graduated from the Villa Arson to take part in EAC projects in the form of practical art workshops with pupils or students who have already benefited from a program of exhibition visits, studio discoveries and meetings at the Villa Arson. The workshop proposals are designed by the artists in line with the issues and approaches they deploy in their artistic practices. <\/p>\n<div class=\"align wp-block-contenu-associe\">\n            <div>\n            <div class=\"acf-innerblocks-container\">\n\n<h3 class=\"wp-block-heading\"><\/h3>\n\n<\/div>\n        <\/div>\n        <div class=\"c-a__container grid flex-row grid-cols-1 sm:grid-cols-2 lg:grid-cols-3 gap-4\">\n                            <div class=\"flex flex-col link-container\" data-href=\"https:\/\/new.villa-arson.fr\/centre-dart\/visites\/scolaires\/le-fape-festival-darts-plastiques-enfants-inspe-institut-national-superieur-du-professorat-et-de-leducation\/\">\n                    <a href=\"https:\/\/new.villa-arson.fr\/centre-dart\/visites\/scolaires\/le-fape-festival-darts-plastiques-enfants-inspe-institut-national-superieur-du-professorat-et-de-leducation\/\" class=\"contents\">\n                        <div class=\"ratio-16x9\">\n                            <figure><img decoding=\"async\" width=\"400\" height=\"267\" src=\"https:\/\/villa-arson-assets.ams3.digitaloceanspaces.com\/production\/app\/uploads\/2021\/07\/21001533\/FAPE-villa-arson-nice6-400x267.jpg\" class=\"attachment-post-thumbnail size-post-thumbnail wp-post-image\" alt=\"3 enfants et une animatrices sont assis au sol et manipulent des pastels\" srcset=\"https:\/\/villa-arson-assets.ams3.digitaloceanspaces.com\/production\/app\/uploads\/2021\/07\/21001533\/FAPE-villa-arson-nice6-400x267.jpg 400w, https:\/\/villa-arson-assets.ams3.digitaloceanspaces.com\/production\/app\/uploads\/2021\/07\/21001533\/FAPE-villa-arson-nice6-scaled-600x400.jpg 600w, https:\/\/villa-arson-assets.ams3.digitaloceanspaces.com\/production\/app\/uploads\/2021\/07\/21001533\/FAPE-villa-arson-nice6-300x200.jpg 300w, https:\/\/villa-arson-assets.ams3.digitaloceanspaces.com\/production\/app\/uploads\/2021\/07\/21001533\/FAPE-villa-arson-nice6-1024x683.jpg 1024w, https:\/\/villa-arson-assets.ams3.digitaloceanspaces.com\/production\/app\/uploads\/2021\/07\/21001533\/FAPE-villa-arson-nice6-768x512.jpg 768w, https:\/\/villa-arson-assets.ams3.digitaloceanspaces.com\/production\/app\/uploads\/2021\/07\/21001533\/FAPE-villa-arson-nice6-1536x1024.jpg 1536w, https:\/\/villa-arson-assets.ams3.digitaloceanspaces.com\/production\/app\/uploads\/2021\/07\/21001533\/FAPE-villa-arson-nice6-2048x1365.jpg 2048w, https:\/\/villa-arson-assets.ams3.digitaloceanspaces.com\/production\/app\/uploads\/2021\/07\/21001533\/FAPE-villa-arson-nice6-scaled.jpg 1920w\" sizes=\"(max-width: 400px) 100vw, 400px\" \/><\/figure>\n                            <div class=\"hover-overlay top-0 left-0 right-0 bottom-0 hidden w-full h-full absolute\"><\/div>\n                        <\/div>\n                        <div class=\"wp-block-button alignleft simple-link\">\n                            <span class=\"wp-block-button__link\">FAPE (Festival des Arts pour les \u00e9coles)<\/span>\n                        <\/div>\n                    <\/a>\n                <\/div>\n                            <div class=\"flex flex-col link-container\" data-href=\"https:\/\/new.villa-arson.fr\/centre-dart\/visites\/scolaires\/partenariat-college-j-h-fabre\/\">\n                    <a href=\"https:\/\/new.villa-arson.fr\/centre-dart\/visites\/scolaires\/partenariat-college-j-h-fabre\/\" class=\"contents\">\n                        <div class=\"ratio-16x9\">\n                            <figure><img decoding=\"async\" width=\"400\" height=\"250\" src=\"https:\/\/villa-arson-assets.ams3.digitaloceanspaces.com\/production\/app\/uploads\/2022\/05\/20221414\/ARSON-FABRE-3-400x250.png\" class=\"attachment-post-thumbnail size-post-thumbnail wp-post-image\" alt=\"Une architecture de mastaba en b\u00e9ton brut et des enfants assis\" srcset=\"https:\/\/villa-arson-assets.ams3.digitaloceanspaces.com\/production\/app\/uploads\/2022\/05\/20221414\/ARSON-FABRE-3-400x250.png 400w, https:\/\/villa-arson-assets.ams3.digitaloceanspaces.com\/production\/app\/uploads\/2022\/05\/20221414\/ARSON-FABRE-3-300x188.png 300w, https:\/\/villa-arson-assets.ams3.digitaloceanspaces.com\/production\/app\/uploads\/2022\/05\/20221414\/ARSON-FABRE-3-1024x640.png 1024w, https:\/\/villa-arson-assets.ams3.digitaloceanspaces.com\/production\/app\/uploads\/2022\/05\/20221414\/ARSON-FABRE-3-768x480.png 768w, https:\/\/villa-arson-assets.ams3.digitaloceanspaces.com\/production\/app\/uploads\/2022\/05\/20221414\/ARSON-FABRE-3-1536x960.png 1536w, https:\/\/villa-arson-assets.ams3.digitaloceanspaces.com\/production\/app\/uploads\/2022\/05\/20221414\/ARSON-FABRE-3-2048x1280.png 2048w, https:\/\/villa-arson-assets.ams3.digitaloceanspaces.com\/production\/app\/uploads\/2022\/05\/20221414\/ARSON-FABRE-3-600x375.png 600w, https:\/\/villa-arson-assets.ams3.digitaloceanspaces.com\/production\/app\/uploads\/2022\/05\/20221414\/ARSON-FABRE-3.png 1920w\" sizes=\"(max-width: 400px) 100vw, 400px\" \/><\/figure>\n                            <div class=\"hover-overlay top-0 left-0 right-0 bottom-0 hidden w-full h-full absolute\"><\/div>\n                        <\/div>\n                        <div class=\"wp-block-button alignleft simple-link\">\n                            <span class=\"wp-block-button__link\">Partenariat Coll\u00e8ge J.H. Fabre<\/span>\n                        <\/div>\n                    <\/a>\n                <\/div>\n                            <div class=\"flex flex-col link-container\" data-href=\"https:\/\/new.villa-arson.fr\/centre-dart\/visites\/scolaires\/pass-culture\/\">\n                    <a href=\"https:\/\/new.villa-arson.fr\/centre-dart\/visites\/scolaires\/pass-culture\/\" class=\"contents\">\n                        <div class=\"ratio-16x9\">\n                            <figure><img decoding=\"async\" width=\"387\" height=\"290\" src=\"https:\/\/villa-arson-assets.ams3.digitaloceanspaces.com\/production\/app\/uploads\/2024\/04\/08163137\/photo16jan2020-5e2-villa-arson-1-387x290.jpg\" class=\"attachment-post-thumbnail size-post-thumbnail wp-post-image\" alt=\"\" srcset=\"https:\/\/villa-arson-assets.ams3.digitaloceanspaces.com\/production\/app\/uploads\/2024\/04\/08163137\/photo16jan2020-5e2-villa-arson-1-387x290.jpg 387w, https:\/\/villa-arson-assets.ams3.digitaloceanspaces.com\/production\/app\/uploads\/2024\/04\/08163137\/photo16jan2020-5e2-villa-arson-1-300x225.jpg 300w, https:\/\/villa-arson-assets.ams3.digitaloceanspaces.com\/production\/app\/uploads\/2024\/04\/08163137\/photo16jan2020-5e2-villa-arson-1-1024x768.jpg 1024w, https:\/\/villa-arson-assets.ams3.digitaloceanspaces.com\/production\/app\/uploads\/2024\/04\/08163137\/photo16jan2020-5e2-villa-arson-1-768x576.jpg 768w, https:\/\/villa-arson-assets.ams3.digitaloceanspaces.com\/production\/app\/uploads\/2024\/04\/08163137\/photo16jan2020-5e2-villa-arson-1-1536x1152.jpg 1536w, https:\/\/villa-arson-assets.ams3.digitaloceanspaces.com\/production\/app\/uploads\/2024\/04\/08163137\/photo16jan2020-5e2-villa-arson-1-600x450.jpg 600w, https:\/\/villa-arson-assets.ams3.digitaloceanspaces.com\/production\/app\/uploads\/2024\/04\/08163137\/photo16jan2020-5e2-villa-arson-1.jpg 1920w\" sizes=\"(max-width: 387px) 100vw, 387px\" \/><\/figure>\n                            <div class=\"hover-overlay top-0 left-0 right-0 bottom-0 hidden w-full h-full absolute\"><\/div>\n                        <\/div>\n                        <div class=\"wp-block-button alignleft simple-link\">\n                            <span class=\"wp-block-button__link\">Pass culture<\/span>\n                        <\/div>\n                    <\/a>\n                <\/div>\n                            <div class=\"flex flex-col link-container\" data-href=\"https:\/\/new.villa-arson.fr\/ecole\/egalite-des-chances\/\">\n                    <a href=\"https:\/\/new.villa-arson.fr\/ecole\/egalite-des-chances\/\" class=\"contents\">\n                        <div class=\"ratio-16x9\">\n                            <figure><img decoding=\"async\" width=\"387\" height=\"290\" src=\"https:\/\/villa-arson-assets.ams3.digitaloceanspaces.com\/production\/app\/uploads\/2021\/09\/20233958\/RDV-point-de-vue-1-387x290.jpg\" class=\"attachment-post-thumbnail size-post-thumbnail wp-post-image\" alt=\"\" srcset=\"https:\/\/villa-arson-assets.ams3.digitaloceanspaces.com\/production\/app\/uploads\/2021\/09\/20233958\/RDV-point-de-vue-1-387x290.jpg 387w, https:\/\/villa-arson-assets.ams3.digitaloceanspaces.com\/production\/app\/uploads\/2021\/09\/20233958\/RDV-point-de-vue-1-300x225.jpg 300w, https:\/\/villa-arson-assets.ams3.digitaloceanspaces.com\/production\/app\/uploads\/2021\/09\/20233958\/RDV-point-de-vue-1-1024x768.jpg 1024w, https:\/\/villa-arson-assets.ams3.digitaloceanspaces.com\/production\/app\/uploads\/2021\/09\/20233958\/RDV-point-de-vue-1-768x576.jpg 768w, https:\/\/villa-arson-assets.ams3.digitaloceanspaces.com\/production\/app\/uploads\/2021\/09\/20233958\/RDV-point-de-vue-1-1536x1152.jpg 1536w, https:\/\/villa-arson-assets.ams3.digitaloceanspaces.com\/production\/app\/uploads\/2021\/09\/20233958\/RDV-point-de-vue-1-2048x1536.jpg 2048w, https:\/\/villa-arson-assets.ams3.digitaloceanspaces.com\/production\/app\/uploads\/2021\/09\/20233958\/RDV-point-de-vue-1-600x450.jpg 600w, https:\/\/villa-arson-assets.ams3.digitaloceanspaces.com\/production\/app\/uploads\/2021\/09\/20233958\/RDV-point-de-vue-1.jpg 1920w\" sizes=\"(max-width: 387px) 100vw, 387px\" \/><\/figure>\n                            <div class=\"hover-overlay top-0 left-0 right-0 bottom-0 hidden w-full h-full absolute\"><\/div>\n                        <\/div>\n                        <div class=\"wp-block-button alignleft simple-link\">\n                            <span class=\"wp-block-button__link\">\u00c9galit\u00e9 des chances<\/span>\n                        <\/div>\n                    <\/a>\n                <\/div>\n                    <\/div>\n    <\/div>\n","protected":false},"excerpt":{"rendered":"<p>school If you&#8217;re a teacher, the visitors&#8217; service offers a range of tours and workshops for schoolchildren to discover the current exhibitions, the architecture, the gardens and the school&#8217;s workshops. We can work with you to develop new ideas. Please contact . Artistic and cultural education The aim of artistic and cultural education (EAC) is &hellip; <a href=\"https:\/\/new.villa-arson.fr\/en\/art-center\/visit\/school\/\">Continued<\/a><\/p>\n","protected":false},"author":2,"featured_media":61682,"parent":63839,"menu_order":0,"comment_status":"closed","ping_status":"closed","template":"","meta":{"_acf_changed":false,"_relevanssi_hide_post":"","_relevanssi_hide_content":"","_relevanssi_pin_for_all":"","_relevanssi_pin_keywords":"","_relevanssi_unpin_keywords":"","_relevanssi_related_keywords":"","_relevanssi_related_include_ids":"","_relevanssi_related_exclude_ids":"","_relevanssi_related_no_append":"","_relevanssi_related_not_related":"","_relevanssi_related_posts":"","_relevanssi_noindex_reason":"","footnotes":""},"class_list":["post-63843","page","type-page","status-publish","has-post-thumbnail","hentry"],"acf":[],"_links":{"self":[{"href":"https:\/\/new.villa-arson.fr\/en\/wp-json\/wp\/v2\/pages\/63843","targetHints":{"allow":["GET"]}}],"collection":[{"href":"https:\/\/new.villa-arson.fr\/en\/wp-json\/wp\/v2\/pages"}],"about":[{"href":"https:\/\/new.villa-arson.fr\/en\/wp-json\/wp\/v2\/types\/page"}],"author":[{"embeddable":true,"href":"https:\/\/new.villa-arson.fr\/en\/wp-json\/wp\/v2\/users\/2"}],"replies":[{"embeddable":true,"href":"https:\/\/new.villa-arson.fr\/en\/wp-json\/wp\/v2\/comments?post=63843"}],"version-history":[{"count":3,"href":"https:\/\/new.villa-arson.fr\/en\/wp-json\/wp\/v2\/pages\/63843\/revisions"}],"predecessor-version":[{"id":63855,"href":"https:\/\/new.villa-arson.fr\/en\/wp-json\/wp\/v2\/pages\/63843\/revisions\/63855"}],"up":[{"embeddable":true,"href":"https:\/\/new.villa-arson.fr\/en\/wp-json\/wp\/v2\/pages\/63839"}],"wp:featuredmedia":[{"embeddable":true,"href":"https:\/\/new.villa-arson.fr\/en\/wp-json\/wp\/v2\/media\/61682"}],"wp:attachment":[{"href":"https:\/\/new.villa-arson.fr\/en\/wp-json\/wp\/v2\/media?parent=63843"}],"curies":[{"name":"wp","href":"https:\/\/api.w.org\/{rel}","templated":true}]}}