{"id":63505,"date":"2014-11-21T17:12:23","date_gmt":"2014-11-21T16:12:23","guid":{"rendered":"https:\/\/new.villa-arson.fr\/librairie\/villa-arson-nice-une-oeuvre-darchitecture\/"},"modified":"2014-11-21T17:12:23","modified_gmt":"2014-11-21T16:12:23","slug":"villa-arson-nice-une-oeuvre-darchitecture","status":"publish","type":"product","link":"https:\/\/new.villa-arson.fr\/en\/librairie\/villa-arson-nice-une-oeuvre-darchitecture\/","title":{"rendered":"Villa Arson Nice"},"content":{"rendered":"<p>La Villa Arson est un \u00e9tablissement public administratif sous la tutelle du minist\u00e8re de la Culture et de la Communication. Situ\u00e9e sur la colline Saint-Barth\u00e9l\u00e9my dans les quartiers nord de Nice, elle est issue d\u2019une volont\u00e9 d\u2019Andr\u00e9 Malraux de cr\u00e9er en r\u00e9gion un lieu culturel dont le rayonnement international serait assur\u00e9 par la pr\u00e9sence d\u2019artistes de renom ou en devenir.<\/p>\n<p>L\u2019\u00e9tablissement, orient\u00e9 vers les arts plastiques, les arts visuels et la cr\u00e9ation la plus actuelle, abrite une \u00e9cole nationale sup\u00e9rieure d\u2019art, un centre d\u2019art contemporain et des r\u00e9sidences d\u2019artistes.<br \/>\nPartant d\u2019un site remarquable et charg\u00e9 d\u2019histoire, l\u2019architecte Michel Marot et ses associ\u00e9s ont con\u00e7u une architecture in\u00e9dite \u00e0 l\u2019\u00e9poque. Le nouveau b\u00e2timent, inaugur\u00e9 en 1972, ench\u00e2sse l\u2019ancienne Villa de la famille Arson dans une construction toute de b\u00e9ton et de galets, con\u00e7ue en de multiples espaces et terrasses, tant\u00f4t \u00e0 ciel ouvert, tant\u00f4t privil\u00e9giant la fra\u00eecheur de l\u2019ombre. De plus, l\u2019architecte a manifest\u00e9 pour cette r\u00e9alisation un grand respect du site, de sa topographie et de la v\u00e9g\u00e9tation h\u00e9rit\u00e9e des jardins majestueux d\u2019antan. Cette recherche d\u2019\u00e9quilibre entre puret\u00e9 des lignes et sobri\u00e9t\u00e9 des mat\u00e9riaux, entre int\u00e9rieur et ext\u00e9rieur, entre ombre et lumi\u00e8re, entre b\u00e2ti et v\u00e9g\u00e9tal est frappante dans cette architecture qui a re\u00e7u en 2002 le label Patrimoine du XXe si\u00e8cle.<\/p>\n<p>Cet ouvrage permet \u00e0 la fois de remonter dans l&#8217;histoire de l&#8217;un des domaines historiques de Nice les plus prestigieux et les plus m\u00e9connus, gr\u00e2ce aux recherches de l&#8217;historien Jean-Paul Potron, et de d\u00e9couvrir dans les moindres d\u00e9tails les intentions et partis pris de l&#8217;architecte Michel Marot lors de l&#8217;\u00e9laboration du projet, en lisant un long entretien que ce dernier a accord\u00e9 \u00e0 Bertrand Desmarais. Le critique d&#8217;architecture Alain Charre porte quant \u00e0 lui un regard distanci\u00e9 et th\u00e9orique sur cette r\u00e9alisation architecturale remarquable et en parle en termes d&#8217;\u00ab\u2009architecture g\u00e9ographique\u2009\u00bb, tandis que Patrice Lorho porte le regard \u00e9clair\u00e9 du jardinier sur ce rapport particulier qui s&#8217;\u00e9tablit \u00e0 la Villa Arson entre architecture et nature et qui est manifeste de la part de Michel Marot.<\/p>\n<p>Ce livre in\u00e9dit sur la Villa Arson est pr\u00e9fac\u00e9 par Jean-Michel Wilmotte et richement illustr\u00e9 de documents d&#8217;archives, de photographies historiques et actuelles du site.<\/p>\n<p>A l\u2019occasion de la cr\u00e9ation du Label Patrimoine du XXe si\u00e8cle dans les Alpes Maritimes, cet ouvrage est la premi\u00e8re monographie d\u2019un lieu : La Vila Arson, au-del\u00e0 de l\u2019\u00e9cole, un b\u00e2timent architecturale de la derni\u00e8re modernit\u00e9 (m\u00e9lange de b\u00e9ton brut, de galets et de flore m\u00e9diterran\u00e9enne).<\/p>\n","protected":false},"excerpt":{"rendered":"<p>Livre dos carr\u00e9 coll\u00e9 ; 157 pages ; illustrations couleur et noir et blanc ; couverture noir et blanc ; 21 x 28 cm ; fran\u00e7ais<br \/>\nType : Architecture \/ Histoire de l&#8217;Art<br \/>\n\u00e9d. Monographik \u00e9ditions, Blou &#8211; Christophe Le Gac, 2008<br \/>\nISBN : 978-2-916545-24-0<\/p>\n","protected":false},"featured_media":43657,"comment_status":"closed","ping_status":"closed","template":"","meta":{"_acf_changed":false,"_relevanssi_hide_post":"","_relevanssi_hide_content":"","_relevanssi_pin_for_all":"","_relevanssi_pin_keywords":"","_relevanssi_unpin_keywords":"","_relevanssi_related_keywords":"","_relevanssi_related_include_ids":"","_relevanssi_related_exclude_ids":"","_relevanssi_related_no_append":"","_relevanssi_related_not_related":"","_relevanssi_related_posts":"","_relevanssi_noindex_reason":""},"product_brand":[],"product_cat":[286],"product_tag":[],"class_list":{"0":"post-63505","1":"product","2":"type-product","3":"status-publish","4":"has-post-thumbnail","6":"product_cat-non-classe-en","7":"product_shipping_class-publication","9":"first","10":"outofstock","11":"purchasable","12":"product-type-simple"},"acf":[],"_links":{"self":[{"href":"https:\/\/new.villa-arson.fr\/en\/wp-json\/wp\/v2\/product\/63505","targetHints":{"allow":["GET"]}}],"collection":[{"href":"https:\/\/new.villa-arson.fr\/en\/wp-json\/wp\/v2\/product"}],"about":[{"href":"https:\/\/new.villa-arson.fr\/en\/wp-json\/wp\/v2\/types\/product"}],"replies":[{"embeddable":true,"href":"https:\/\/new.villa-arson.fr\/en\/wp-json\/wp\/v2\/comments?post=63505"}],"wp:featuredmedia":[{"embeddable":true,"href":"https:\/\/new.villa-arson.fr\/en\/wp-json\/wp\/v2\/media\/43657"}],"wp:attachment":[{"href":"https:\/\/new.villa-arson.fr\/en\/wp-json\/wp\/v2\/media?parent=63505"}],"wp:term":[{"taxonomy":"product_brand","embeddable":true,"href":"https:\/\/new.villa-arson.fr\/en\/wp-json\/wp\/v2\/product_brand?post=63505"},{"taxonomy":"product_cat","embeddable":true,"href":"https:\/\/new.villa-arson.fr\/en\/wp-json\/wp\/v2\/product_cat?post=63505"},{"taxonomy":"product_tag","embeddable":true,"href":"https:\/\/new.villa-arson.fr\/en\/wp-json\/wp\/v2\/product_tag?post=63505"}],"curies":[{"name":"wp","href":"https:\/\/api.w.org\/{rel}","templated":true}]}}